{"version":"1.0","provider_name":"Federaci\u00f3n Insular de Tenerife","provider_url":"https:\/\/www.fecanbm.es\/tenerife","author_name":"Prensa_Tenerife","author_url":"https:\/\/www.fecanbm.es\/tenerife\/author\/ruyherodriguez\/","title":"Jornadas de Tecnificaci\u00f3n - Federaci\u00f3n Insular de Tenerife","type":"rich","width":600,"height":338,"html":"<blockquote class=\"wp-embedded-content\" data-secret=\"9tVg1MG4Hv\"><a href=\"https:\/\/www.fecanbm.es\/tenerife\/jornadas-de-tecnificacion-9\/\">Jornadas de Tecnificaci\u00f3n<\/a><\/blockquote><iframe sandbox=\"allow-scripts\" security=\"restricted\" src=\"https:\/\/www.fecanbm.es\/tenerife\/jornadas-de-tecnificacion-9\/embed\/#?secret=9tVg1MG4Hv\" width=\"600\" height=\"338\" title=\"\u00abJornadas de Tecnificaci\u00f3n\u00bb \u2014 Federaci\u00f3n Insular de Tenerife\" data-secret=\"9tVg1MG4Hv\" frameborder=\"0\" marginwidth=\"0\" marginheight=\"0\" scrolling=\"no\" class=\"wp-embedded-content\"><\/iframe><script>\n\/*! This file is auto-generated *\/\n!function(d,l){\"use strict\";l.querySelector&&d.addEventListener&&\"undefined\"!=typeof URL&&(d.wp=d.wp||{},d.wp.receiveEmbedMessage||(d.wp.receiveEmbedMessage=function(e){var t=e.data;if((t||t.secret||t.message||t.value)&&!\/[^a-zA-Z0-9]\/.test(t.secret)){for(var s,r,n,a=l.querySelectorAll('iframe[data-secret=\"'+t.secret+'\"]'),o=l.querySelectorAll('blockquote[data-secret=\"'+t.secret+'\"]'),c=new RegExp(\"^https?:$\",\"i\"),i=0;i<o.length;i++)o[i].style.display=\"none\";for(i=0;i<a.length;i++)s=a[i],e.source===s.contentWindow&&(s.removeAttribute(\"style\"),\"height\"===t.message?(1e3<(r=parseInt(t.value,10))?r=1e3:~~r<200&&(r=200),s.height=r):\"link\"===t.message&&(r=new URL(s.getAttribute(\"src\")),n=new URL(t.value),c.test(n.protocol))&&n.host===r.host&&l.activeElement===s&&(d.top.location.href=t.value))}},d.addEventListener(\"message\",d.wp.receiveEmbedMessage,!1),l.addEventListener(\"DOMContentLoaded\",function(){for(var e,t,s=l.querySelectorAll(\"iframe.wp-embedded-content\"),r=0;r<s.length;r++)(t=(e=s[r]).getAttribute(\"data-secret\"))||(t=Math.random().toString(36).substring(2,12),e.src+=\"#?secret=\"+t,e.setAttribute(\"data-secret\",t)),e.contentWindow.postMessage({message:\"ready\",secret:t},\"*\")},!1)))}(window,document);\n\/\/# sourceURL=https:\/\/www.fecanbm.es\/tenerife\/wp-includes\/js\/wp-embed.min.js\n<\/script>\n","thumbnail_url":"https:\/\/www.fecanbm.es\/tenerife\/wp-content\/uploads\/sites\/2\/2021\/06\/IMG20210613121945-scaled.jpg","thumbnail_width":2560,"thumbnail_height":1440,"description":"Este domingo 19 de Junio tendr\u00e1 lugar una nueva jornada de Tecnificaci\u00f3n organizadas por la Direcci\u00f3n T\u00e9cnica de la Federaci\u00f3n Insular. El Pabell\u00f3n Cubierto de Villa Isabel en el sur de la isla ser\u00e1 el escenario de la II Jornada de Tecnificaci\u00f3n de esta temporada dedicada a jugadores\/as nacidos\/as en 2006-07. A las 10:00 horas [&hellip;]"}